{"id":15,"date":"2023-02-03T15:43:24","date_gmt":"2023-02-03T14:43:24","guid":{"rendered":"https:\/\/consmonacodibaviera.esteri.it\/?page_id=15"},"modified":"2023-02-06T12:23:45","modified_gmt":"2023-02-06T11:23:45","slug":"news","status":"publish","type":"page","link":"https:\/\/consmonacodibaviera.esteri.it\/it\/news\/","title":{"rendered":"Notizie"},"content":{"rendered":"        <div class=\"row\">\n\t\t\t<!-- Ricerca sedi post -->\n\t\t\t<div class=\"col-12 mt-4\">\n\t\t\t  <div class=\"callout callout-highlight note ricerca-esteri p-4\">\n                    <div class=\"callout-title\">\n                        <svg class=\"icon\">\n                            <use xlink:href=\"https:\/\/consmonacodibaviera.esteri.it\/wp-content\/themes\/sedi-tema\/assets\/svg\/sprites.svg#it-search\"><\/use>\n                        <\/svg>Inserisci i parametri di ricerca                    <\/div>\n                    <form id=\"searchFormPost\" name=\"form-search-post\" class=\"form-row align-items-center\" action=\"https:\/\/consmonacodibaviera.esteri.it\/it\/wp-json\/wp\/v2\/pages\/15\/\" method=\"GET\"> \n                        <!-- <div class=\"form-group pt-5\"> -->\n                            <!-- <input type=\"hidden\" id=\"lang\" name=\"lang\" value=\"\"> --> <!-- <\/div> -->\n\n                        <div class=\"it-datepicker-wrapper\">\n                            <div class=\"row\">\n                                <div class=\"form-group col-md-6\">\n                                    <label class=\"active\" for=\"date-init\">Dal<\/label>\n                                    <input class=\"form-control\" name=\"date-init\" id=\"date-init\" type=\"date\" placeholder=\"gg\/mm\/aaaa\" value=\"\"lang=\"en-EN\">  \n                                <\/div>\n                                <div class=\"form-group col-md-6\">\n                                    <label class=\"active\" for=\"date-end\">Al<\/label>\n                                    <input class=\"form-control\" name=\"date-end\" id=\"date-end\" type=\"date\" placeholder=\"gg\/mm\/aaaa\" value=\"\">\n                                <\/div>\n                            <\/div>\n                        <\/div>\n                        <div class=\"form-group col-md-12 mt-3\">\n                            <label for=\"searchText\">Campo ricerca libera<\/label>\n                            <input type=\"text\" name=\"searchText\" class=\"form-control\" id=\"searchText\" value=\"\">\n                        <\/div>\n                        <div class=\"form-group col-md-4 offset-md-8 text-end\">\n                            <a href=\"https:\/\/consmonacodibaviera.esteri.it\/it\/news\/\" title=\"Form reset\" id=\"resetImput\" class=\"btn btn-outline-primary btn-xs\">Reset<\/a>\n                            <button type=\"submit\" class=\"btn btn-primary btn-xs\">Mostra risultati<\/button>\n                        <\/div>\n                    <\/form>\n\t\t\t\t<\/div>\n\t\t\t<\/div>\n\t\t<\/div>\n                    \n            <div class=\"row\">\n                            <div class=\"col-12 mt-3\">\n                <!--start card-->\n                <div class=\"card-wrapper card-space\">\n                    <div class=\"card card-bg card-big border-bottom-card\">\n                        <div class=\"card-body \">\n                                                        <div class=\"category-top\">\n                                                                                                            <span class=\"\">\n                                        <svg class=\"icon icon-secondary\">\n                                            <use xlink:href=\"https:\/\/consmonacodibaviera.esteri.it\/wp-content\/themes\/sedi-tema\/assets\/svg\/sprites.svg#it-calendar\"><\/use>\n                                        <\/svg> 3 Settembre 2026                                    <\/span>\n                                                                    <\/div>\n                            <h5 class=\"card-title big-heading text-uppercase\"><a class=\"text-body text-decoration-none\" href=\"https:\/\/consmonacodibaviera.esteri.it\/it\/news\/dal_consolato\/2026\/09\/elezioni-comites-2026-decreto-di-indizione-delle-elezioni-dei-comitati-di-monaco-di-baviera-e-norimberga\/\" title=\"Elezioni COMITES 2026 &#8211; Decreto di indizione delle elezioni dei Comitati di Monaco di Baviera e Norimberga\">Elezioni COMITES 2026 &#8211; Decreto di indizione delle elezioni dei Comitati di Monaco di Baviera e Norimberga<\/a><\/h5>\n                            <p class=\"card-text\">Con Decreto consolare del Capo dell\u2019Ufficio consolare di Monaco di Baviera sono indette le elezioni per l\u2019istituzione e il rinnovo del Comitato degli Italiani all\u2019estero di Monaco di Baviera e di quello di Norimberga. La data delle elezioni \u00e8 fissata al 4 dicembre 2026. Tale data corrisponde all\u2019ultimo giorno utile per far pervenire al Consolato [&hellip;]<\/p>\n                                <a title=\"Elezioni COMITES 2026 &#8211; Decreto di indizione delle elezioni dei Comitati di Monaco di Baviera e Norimberga\" class=\"read-more\" href=\"https:\/\/consmonacodibaviera.esteri.it\/it\/news\/dal_consolato\/2026\/09\/elezioni-comites-2026-decreto-di-indizione-delle-elezioni-dei-comitati-di-monaco-di-baviera-e-norimberga\/\">\n                                    <span class=\"text\">Leggi di pi\u00f9<\/span>\n                                    <svg class=\"icon\">\n                                    <use xlink:href=\"https:\/\/consmonacodibaviera.esteri.it\/wp-content\/themes\/sedi-tema\/assets\/svg\/sprites.svg#it-arrow-right\"><\/use>\n                                    <\/svg>\n                                <\/a>\n                                                    <\/div>\n                    <\/div>\n                <\/div>\n                <!--end card-->\n                <\/div><!-- col-12 .mt-3-->\n                            <div class=\"col-12 mt-3\">\n                <!--start card-->\n                <div class=\"card-wrapper card-space\">\n                    <div class=\"card card-bg card-big border-bottom-card\">\n                        <div class=\"card-body \">\n                                                        <div class=\"category-top\">\n                                                                                                            <span class=\"\">\n                                        <svg class=\"icon icon-secondary\">\n                                            <use xlink:href=\"https:\/\/consmonacodibaviera.esteri.it\/wp-content\/themes\/sedi-tema\/assets\/svg\/sprites.svg#it-calendar\"><\/use>\n                                        <\/svg> 20 Agosto 2026                                    <\/span>\n                                                                    <\/div>\n                            <h5 class=\"card-title big-heading text-uppercase\"><a class=\"text-body text-decoration-none\" href=\"https:\/\/consmonacodibaviera.esteri.it\/it\/news\/dal_consolato\/2026\/08\/elezioni-com-it-es-2026-numero-dei-componenti-dei-comitati-di-monaco-di-baviera-e-norimberga-aggiuntivo\/\" title=\"Elezioni COMITES 2026 \u2013 Numero dei componenti dei Comitati di Monaco di Baviera e Norimberga (aggiuntivo)\">Elezioni COMITES 2026 \u2013 Numero dei componenti dei Comitati di Monaco di Baviera e Norimberga (aggiuntivo)<\/a><\/h5>\n                            <p class=\"card-text\">In vista delle elezioni dei Comitati degli Italiani all\u2019Estero (Com.It.Es.) previste per il 2026, si ricorda che, ai sensi dell\u2019art. 14, comma 2, del D.P.R. 395\/2003, le liste devono essere formate da un numero di candidati almeno pari al numero dei membri del Comitato da eleggere e non superiore a 16 candidati per i Com.It.Es. [&hellip;]<\/p>\n                                <a title=\"Elezioni COMITES 2026 \u2013 Numero dei componenti dei Comitati di Monaco di Baviera e Norimberga (aggiuntivo)\" class=\"read-more\" href=\"https:\/\/consmonacodibaviera.esteri.it\/it\/news\/dal_consolato\/2026\/08\/elezioni-com-it-es-2026-numero-dei-componenti-dei-comitati-di-monaco-di-baviera-e-norimberga-aggiuntivo\/\">\n                                    <span class=\"text\">Leggi di pi\u00f9<\/span>\n                                    <svg class=\"icon\">\n                                    <use xlink:href=\"https:\/\/consmonacodibaviera.esteri.it\/wp-content\/themes\/sedi-tema\/assets\/svg\/sprites.svg#it-arrow-right\"><\/use>\n                                    <\/svg>\n                                <\/a>\n                                                    <\/div>\n                    <\/div>\n                <\/div>\n                <!--end card-->\n                <\/div><!-- col-12 .mt-3-->\n                            <div class=\"col-12 mt-3\">\n                <!--start card-->\n                <div class=\"card-wrapper card-space\">\n                    <div class=\"card card-bg card-big border-bottom-card\">\n                        <div class=\"card-body \">\n                                                        <div class=\"category-top\">\n                                                                                                            <span class=\"\">\n                                        <svg class=\"icon icon-secondary\">\n                                            <use xlink:href=\"https:\/\/consmonacodibaviera.esteri.it\/wp-content\/themes\/sedi-tema\/assets\/svg\/sprites.svg#it-calendar\"><\/use>\n                                        <\/svg> 17 Agosto 2026                                    <\/span>\n                                                                    <\/div>\n                            <h5 class=\"card-title big-heading text-uppercase\"><a class=\"text-body text-decoration-none\" href=\"https:\/\/consmonacodibaviera.esteri.it\/it\/news\/dal_consolato\/2026\/08\/elezione-dei-comitati-degli-italiani-allestero-comites-2026-modalita-per-la-richiesta-di-iscrizione-nellelenco-elettorale\/\" title=\"Elezioni COMITES 2026 &#8211; MODALITA\u2019 PER LA RICHIESTA DI ISCRIZIONE NELL\u2019ELENCO ELETTORALE\">Elezioni COMITES 2026 &#8211; MODALITA\u2019 PER LA RICHIESTA DI ISCRIZIONE NELL\u2019ELENCO ELETTORALE<\/a><\/h5>\n                            <p class=\"card-text\">MODALITA\u2019 PER LA RICHIESTA DI ISCRIZIONE NELL\u2019ELENCO ELETTORALE &nbsp; Le elezioni per il rinnovo e l\u2019istituzione dei COMITES si terranno entro la fine del 2026. I Comitati degli italiani all\u2019estero sono organi di rappresentanza della collettivit\u00e0 italiana nei rapporti con le rappresentanze diplomatico-consolari e operano per l\u2019integrazione della comunit\u00e0 italiana residente nel Paese straniero in [&hellip;]<\/p>\n                                <a title=\"Elezioni COMITES 2026 &#8211; MODALITA\u2019 PER LA RICHIESTA DI ISCRIZIONE NELL\u2019ELENCO ELETTORALE\" class=\"read-more\" href=\"https:\/\/consmonacodibaviera.esteri.it\/it\/news\/dal_consolato\/2026\/08\/elezione-dei-comitati-degli-italiani-allestero-comites-2026-modalita-per-la-richiesta-di-iscrizione-nellelenco-elettorale\/\">\n                                    <span class=\"text\">Leggi di pi\u00f9<\/span>\n                                    <svg class=\"icon\">\n                                    <use xlink:href=\"https:\/\/consmonacodibaviera.esteri.it\/wp-content\/themes\/sedi-tema\/assets\/svg\/sprites.svg#it-arrow-right\"><\/use>\n                                    <\/svg>\n                                <\/a>\n                                                    <\/div>\n                    <\/div>\n                <\/div>\n                <!--end card-->\n                <\/div><!-- col-12 .mt-3-->\n                            <div class=\"col-12 mt-3\">\n                <!--start card-->\n                <div class=\"card-wrapper card-space\">\n                    <div class=\"card card-bg card-big border-bottom-card\">\n                        <div class=\"card-body \">\n                                                        <div class=\"category-top\">\n                                                                                                            <span class=\"\">\n                                        <svg class=\"icon icon-secondary\">\n                                            <use xlink:href=\"https:\/\/consmonacodibaviera.esteri.it\/wp-content\/themes\/sedi-tema\/assets\/svg\/sprites.svg#it-calendar\"><\/use>\n                                        <\/svg> 14 Agosto 2026                                    <\/span>\n                                                                    <\/div>\n                            <h5 class=\"card-title big-heading text-uppercase\"><a class=\"text-body text-decoration-none\" href=\"https:\/\/consmonacodibaviera.esteri.it\/it\/news\/dal_consolato\/2026\/08\/elezioni-com-it-es-2026-predisposizione-delle-liste-e-requisiti-di-eleggibilita\/\" title=\"Elezioni COMITES 2026 \u2013 Predisposizione delle liste e requisiti di eleggibilit\u00e0\">Elezioni COMITES 2026 \u2013 Predisposizione delle liste e requisiti di eleggibilit\u00e0<\/a><\/h5>\n                            <p class=\"card-text\">Nel 2026 avranno luogo le elezioni per il rinnovo dei Comitati degli Italiani all\u2019Estero (Com.It.Es.). Ai sensi dell\u2019art. 14 del DPR 395\/2003, le liste possono essere\u00a0presentate all\u2019Ufficio elettorale\u00a0nelle ore d\u2019ufficio\u00a0dal ventesimo al trentesimo giorno successivo all\u2019indizione. La raccolta delle firme, la sottoscrizione delle liste e le relative autentiche possono avvenire fin da ora negli orari [&hellip;]<\/p>\n                                <a title=\"Elezioni COMITES 2026 \u2013 Predisposizione delle liste e requisiti di eleggibilit\u00e0\" class=\"read-more\" href=\"https:\/\/consmonacodibaviera.esteri.it\/it\/news\/dal_consolato\/2026\/08\/elezioni-com-it-es-2026-predisposizione-delle-liste-e-requisiti-di-eleggibilita\/\">\n                                    <span class=\"text\">Leggi di pi\u00f9<\/span>\n                                    <svg class=\"icon\">\n                                    <use xlink:href=\"https:\/\/consmonacodibaviera.esteri.it\/wp-content\/themes\/sedi-tema\/assets\/svg\/sprites.svg#it-arrow-right\"><\/use>\n                                    <\/svg>\n                                <\/a>\n                                                    <\/div>\n                    <\/div>\n                <\/div>\n                <!--end card-->\n                <\/div><!-- col-12 .mt-3-->\n                            <div class=\"col-12 mt-3\">\n                <!--start card-->\n                <div class=\"card-wrapper card-space\">\n                    <div class=\"card card-bg card-big border-bottom-card\">\n                        <div class=\"card-body \">\n                                                        <div class=\"category-top\">\n                                                                                                            <span class=\"\">\n                                        <svg class=\"icon icon-secondary\">\n                                            <use xlink:href=\"https:\/\/consmonacodibaviera.esteri.it\/wp-content\/themes\/sedi-tema\/assets\/svg\/sprites.svg#it-calendar\"><\/use>\n                                        <\/svg> 13 Agosto 2026                                    <\/span>\n                                                                    <\/div>\n                            <h5 class=\"card-title big-heading text-uppercase\"><a class=\"text-body text-decoration-none\" href=\"https:\/\/consmonacodibaviera.esteri.it\/it\/news\/dal_consolato\/2026\/08\/elezioni-dei-comites-2026-sottoscrizione-liste\/\" title=\"Elezioni COMITES 2026 &#8211; Sottoscrizione liste\">Elezioni COMITES 2026 &#8211; Sottoscrizione liste<\/a><\/h5>\n                            <p class=\"card-text\">Si informano gli interessati che \u00e8 possibile sottoscrivere le liste dei candidati per le Elezioni Com.It.Es. 2026. Le liste interessate sono pertanto invitate fin da subito a presentare, negli orari sotto indicati, la modulistica prevista (atto principale, atto separato), al fine di consentire agli interessati di sottoscriverle. Si informano le liste interessate che dovranno essere [&hellip;]<\/p>\n                                <a title=\"Elezioni COMITES 2026 &#8211; Sottoscrizione liste\" class=\"read-more\" href=\"https:\/\/consmonacodibaviera.esteri.it\/it\/news\/dal_consolato\/2026\/08\/elezioni-dei-comites-2026-sottoscrizione-liste\/\">\n                                    <span class=\"text\">Leggi di pi\u00f9<\/span>\n                                    <svg class=\"icon\">\n                                    <use xlink:href=\"https:\/\/consmonacodibaviera.esteri.it\/wp-content\/themes\/sedi-tema\/assets\/svg\/sprites.svg#it-arrow-right\"><\/use>\n                                    <\/svg>\n                                <\/a>\n                                                    <\/div>\n                    <\/div>\n                <\/div>\n                <!--end card-->\n                <\/div><!-- col-12 .mt-3-->\n                            <div class=\"col-12 mt-3\">\n                <!--start card-->\n                <div class=\"card-wrapper card-space\">\n                    <div class=\"card card-bg card-big border-bottom-card\">\n                        <div class=\"card-body \">\n                                                        <div class=\"category-top\">\n                                                                                                            <span class=\"\">\n                                        <svg class=\"icon icon-secondary\">\n                                            <use xlink:href=\"https:\/\/consmonacodibaviera.esteri.it\/wp-content\/themes\/sedi-tema\/assets\/svg\/sprites.svg#it-calendar\"><\/use>\n                                        <\/svg> 12 Agosto 2026                                    <\/span>\n                                                                    <\/div>\n                            <h5 class=\"card-title big-heading text-uppercase\"><a class=\"text-body text-decoration-none\" href=\"https:\/\/consmonacodibaviera.esteri.it\/it\/news\/dal_consolato\/2026\/08\/validita-illimitata-delle-cie-a-favore-dei-cittadini-ultrasettantenni\/\" title=\"Validit\u00e0 illimitata delle CIE a favore dei cittadini ultrasettantenni\">Validit\u00e0 illimitata delle CIE a favore dei cittadini ultrasettantenni<\/a><\/h5>\n                            <p class=\"card-text\">Si rende noto che, a decorrere del 30 luglio 2026, la Carta d\u2019identit\u00e0 elettronica (CIE) emessa in favore di cittadini che abbiano compiuto il settantesimo anno di et\u00e0 al momento della richiesta avr\u00e0 validit\u00e0 illimitata. La vigenza illimitata\u00a0del documento\u00a0non si applica: 1) per l\u2019identificazione digitale tramite CIE; 2) per l\u2019accesso ai varchi elettronici automatici situati\u00a0negli [&hellip;]<\/p>\n                                <a title=\"Validit\u00e0 illimitata delle CIE a favore dei cittadini ultrasettantenni\" class=\"read-more\" href=\"https:\/\/consmonacodibaviera.esteri.it\/it\/news\/dal_consolato\/2026\/08\/validita-illimitata-delle-cie-a-favore-dei-cittadini-ultrasettantenni\/\">\n                                    <span class=\"text\">Leggi di pi\u00f9<\/span>\n                                    <svg class=\"icon\">\n                                    <use xlink:href=\"https:\/\/consmonacodibaviera.esteri.it\/wp-content\/themes\/sedi-tema\/assets\/svg\/sprites.svg#it-arrow-right\"><\/use>\n                                    <\/svg>\n                                <\/a>\n                                                    <\/div>\n                    <\/div>\n                <\/div>\n                <!--end card-->\n                <\/div><!-- col-12 .mt-3-->\n                            <div class=\"col-12 mt-3\">\n                <!--start card-->\n                <div class=\"card-wrapper card-space\">\n                    <div class=\"card card-bg card-big border-bottom-card\">\n                        <div class=\"card-body \">\n                                                        <div class=\"category-top\">\n                                                                                                            <span class=\"\">\n                                        <svg class=\"icon icon-secondary\">\n                                            <use xlink:href=\"https:\/\/consmonacodibaviera.esteri.it\/wp-content\/themes\/sedi-tema\/assets\/svg\/sprites.svg#it-calendar\"><\/use>\n                                        <\/svg> 22 Luglio 2026                                    <\/span>\n                                                                    <\/div>\n                            <h5 class=\"card-title big-heading text-uppercase\"><a class=\"text-body text-decoration-none\" href=\"https:\/\/consmonacodibaviera.esteri.it\/it\/news\/dal_consolato\/2026\/07\/elezioni-dei-comites-2026\/\" title=\"Elezioni dei COMITES 2026\">Elezioni dei COMITES 2026<\/a><\/h5>\n                            <p class=\"card-text\">Nel 2026 avranno luogo le elezioni per il rinnovo dei Comitati degli Italiani all\u2019Estero (Com.It.Es.). I Com.It.Es. sono organismi che rappresentano i connazionali all\u2019estero nei rapporti con Ambasciate e Consolati e ne favoriscono l\u2019integrazione. Hanno inoltre il compito di preservare la memoria storica dell\u2019emigrazione italiana e valorizzare il contributo italiano nelle societ\u00e0 in cui operano. [&hellip;]<\/p>\n                                <a title=\"Elezioni dei COMITES 2026\" class=\"read-more\" href=\"https:\/\/consmonacodibaviera.esteri.it\/it\/news\/dal_consolato\/2026\/07\/elezioni-dei-comites-2026\/\">\n                                    <span class=\"text\">Leggi di pi\u00f9<\/span>\n                                    <svg class=\"icon\">\n                                    <use xlink:href=\"https:\/\/consmonacodibaviera.esteri.it\/wp-content\/themes\/sedi-tema\/assets\/svg\/sprites.svg#it-arrow-right\"><\/use>\n                                    <\/svg>\n                                <\/a>\n                                                    <\/div>\n                    <\/div>\n                <\/div>\n                <!--end card-->\n                <\/div><!-- col-12 .mt-3-->\n                            <div class=\"col-12 mt-3\">\n                <!--start card-->\n                <div class=\"card-wrapper card-space\">\n                    <div class=\"card card-bg card-big border-bottom-card\">\n                        <div class=\"card-body \">\n                                                        <div class=\"category-top\">\n                                                                                                            <span class=\"\">\n                                        <svg class=\"icon icon-secondary\">\n                                            <use xlink:href=\"https:\/\/consmonacodibaviera.esteri.it\/wp-content\/themes\/sedi-tema\/assets\/svg\/sprites.svg#it-calendar\"><\/use>\n                                        <\/svg> 21 Luglio 2026                                    <\/span>\n                                                                    <\/div>\n                            <h5 class=\"card-title big-heading text-uppercase\"><a class=\"text-body text-decoration-none\" href=\"https:\/\/consmonacodibaviera.esteri.it\/it\/news\/dal_consolato\/2026\/07\/italia-e-germania-celebrano-il-75-anniversario-della-ripresa-delle-relazioni-diplomatiche\/\" title=\"Italia e Germania celebrano il 75\u00b0 anniversario della ripresa delle relazioni diplomatiche\">Italia e Germania celebrano il 75\u00b0 anniversario della ripresa delle relazioni diplomatiche<\/a><\/h5>\n                            <p class=\"card-text\">Italia e Germania celebrano nel 2026 il 75\u00b0 anniversario della ripresa delle relazioni diplomatiche, avviate nel secondo dopoguerra e sviluppatesi in un partenariato strategico solido e articolato. Dalla cooperazione economica al dialogo politico, dagli scambi culturali al contributo delle societ\u00e0 civili, i due Paesi hanno costruito un legame che ha contribuito in modo significativo a [&hellip;]<\/p>\n                                <a title=\"Italia e Germania celebrano il 75\u00b0 anniversario della ripresa delle relazioni diplomatiche\" class=\"read-more\" href=\"https:\/\/consmonacodibaviera.esteri.it\/it\/news\/dal_consolato\/2026\/07\/italia-e-germania-celebrano-il-75-anniversario-della-ripresa-delle-relazioni-diplomatiche\/\">\n                                    <span class=\"text\">Leggi di pi\u00f9<\/span>\n                                    <svg class=\"icon\">\n                                    <use xlink:href=\"https:\/\/consmonacodibaviera.esteri.it\/wp-content\/themes\/sedi-tema\/assets\/svg\/sprites.svg#it-arrow-right\"><\/use>\n                                    <\/svg>\n                                <\/a>\n                                                    <\/div>\n                    <\/div>\n                <\/div>\n                <!--end card-->\n                <\/div><!-- col-12 .mt-3-->\n                            <div class=\"col-12 mt-3\">\n                <!--start card-->\n                <div class=\"card-wrapper card-space\">\n                    <div class=\"card card-bg card-big border-bottom-card\">\n                        <div class=\"card-body \">\n                                                        <div class=\"category-top\">\n                                                                                                            <span class=\"\">\n                                        <svg class=\"icon icon-secondary\">\n                                            <use xlink:href=\"https:\/\/consmonacodibaviera.esteri.it\/wp-content\/themes\/sedi-tema\/assets\/svg\/sprites.svg#it-calendar\"><\/use>\n                                        <\/svg> 21 Luglio 2026                                    <\/span>\n                                                                    <\/div>\n                            <h5 class=\"card-title big-heading text-uppercase\"><a class=\"text-body text-decoration-none\" href=\"https:\/\/consmonacodibaviera.esteri.it\/it\/news\/dal_consolato\/2026\/07\/cessazione-della-validita-della-carta-didentita-cartacea-per-lespatrio-dal-3-agosto\/\" title=\"Cessazione della validit\u00e0 della carta d\u2019identit\u00e0 cartacea per l\u2019espatrio dal 3 agosto\">Cessazione della validit\u00e0 della carta d\u2019identit\u00e0 cartacea per l\u2019espatrio dal 3 agosto<\/a><\/h5>\n                            <p class=\"card-text\">A partire dal 3 agosto 2026 la versione cartacea della carta di identit\u00e0 cesser\u00e0 di essere valida per l\u2019espatrio, indipendentemente dalla data di scadenza riportata sul retro. Il decreto-legge 26\/06\/2026 n.108 ha introdotto alcune modifiche importanti: La carta d\u2019identit\u00e0 cartacea (CIC) non scaduta pu\u00f2 essere utilizzata come strumento identificativo nei rapporti con la Pubblica Amministrazione [&hellip;]<\/p>\n                                <a title=\"Cessazione della validit\u00e0 della carta d\u2019identit\u00e0 cartacea per l\u2019espatrio dal 3 agosto\" class=\"read-more\" href=\"https:\/\/consmonacodibaviera.esteri.it\/it\/news\/dal_consolato\/2026\/07\/cessazione-della-validita-della-carta-didentita-cartacea-per-lespatrio-dal-3-agosto\/\">\n                                    <span class=\"text\">Leggi di pi\u00f9<\/span>\n                                    <svg class=\"icon\">\n                                    <use xlink:href=\"https:\/\/consmonacodibaviera.esteri.it\/wp-content\/themes\/sedi-tema\/assets\/svg\/sprites.svg#it-arrow-right\"><\/use>\n                                    <\/svg>\n                                <\/a>\n                                                    <\/div>\n                    <\/div>\n                <\/div>\n                <!--end card-->\n                <\/div><!-- col-12 .mt-3-->\n                            <div class=\"col-12 mt-3\">\n                <!--start card-->\n                <div class=\"card-wrapper card-space\">\n                    <div class=\"card card-bg card-big border-bottom-card\">\n                        <div class=\"card-body \">\n                                                        <div class=\"category-top\">\n                                                                                                            <span class=\"\">\n                                        <svg class=\"icon icon-secondary\">\n                                            <use xlink:href=\"https:\/\/consmonacodibaviera.esteri.it\/wp-content\/themes\/sedi-tema\/assets\/svg\/sprites.svg#it-calendar\"><\/use>\n                                        <\/svg> 10 Giugno 2026                                    <\/span>\n                                                                    <\/div>\n                            <h5 class=\"card-title big-heading text-uppercase\"><a class=\"text-body text-decoration-none\" href=\"https:\/\/consmonacodibaviera.esteri.it\/it\/news\/dal_consolato\/2026\/06\/avviso-pubblico-per-manifestazione-di-interesse-per-il-servizio-di-organizzazione-e-gestione-dei-corsi-di-lingua-italiana-scad-05-07-2026\/\" title=\"Organizzazione e gestione dei corsi di lingua italiana: avviso pubblico per manifestazione di interesse (scad. 05.07.2026)\">Organizzazione e gestione dei corsi di lingua italiana: avviso pubblico per manifestazione di interesse (scad. 05.07.2026)<\/a><\/h5>\n                            <p class=\"card-text\">Servizio di organizzazione e gestione dei corsi di lingua italiana da svolgersi presso la sede dell\u2019Istituto Italiano di Cultura di Monaco di Baviera. Si informa che \u00e8 stato pubblicato sulla piattaforma deputata MAECI.Traspare \u00a0e nella sezione \u201cAmministrazione Trasparente \u2013 Bandi di Gara e contratti\u201d dell&#8217;Istituto Italiano di Cultura di Monaco di Baviera, l\u2019avviso pubblico per [&hellip;]<\/p>\n                                <a title=\"Organizzazione e gestione dei corsi di lingua italiana: avviso pubblico per manifestazione di interesse (scad. 05.07.2026)\" class=\"read-more\" href=\"https:\/\/consmonacodibaviera.esteri.it\/it\/news\/dal_consolato\/2026\/06\/avviso-pubblico-per-manifestazione-di-interesse-per-il-servizio-di-organizzazione-e-gestione-dei-corsi-di-lingua-italiana-scad-05-07-2026\/\">\n                                    <span class=\"text\">Leggi di pi\u00f9<\/span>\n                                    <svg class=\"icon\">\n                                    <use xlink:href=\"https:\/\/consmonacodibaviera.esteri.it\/wp-content\/themes\/sedi-tema\/assets\/svg\/sprites.svg#it-arrow-right\"><\/use>\n                                    <\/svg>\n                                <\/a>\n                                                    <\/div>\n                    <\/div>\n                <\/div>\n                <!--end card-->\n                <\/div><!-- col-12 .mt-3-->\n            \n            <div class=\"col-md-12 mt-4 pb-4\">\n                <nav class=\"navigation col-md-12\" aria-label=\"Navigation\">\n                    <h2 class=\"screen-reader-text visually-hidden\">Paginazione<\/h2>\n                    <div class=\"nav-links\">\n                    <span aria-current=\"page\" class=\"page-numbers current\">1<\/span>\n<a class=\"page-numbers\" href=\"https:\/\/consmonacodibaviera.esteri.it\/it\/wp-json\/wp\/v2\/pages\/15\/?pag=2\">2<\/a>\n<a class=\"page-numbers\" href=\"https:\/\/consmonacodibaviera.esteri.it\/it\/wp-json\/wp\/v2\/pages\/15\/?pag=3\">3<\/a>\n<span class=\"page-numbers dots\">&hellip;<\/span>\n<a class=\"page-numbers\" href=\"https:\/\/consmonacodibaviera.esteri.it\/it\/wp-json\/wp\/v2\/pages\/15\/?pag=31\">31<\/a>\n<a class=\"next page-numbers\" href=\"https:\/\/consmonacodibaviera.esteri.it\/it\/wp-json\/wp\/v2\/pages\/15\/?pag=2\"><svg class=\"icon icon-primary\"><use xlink:href=\"https:\/\/consmonacodibaviera.esteri.it\/wp-content\/themes\/sedi-tema\/assets\/svg\/sprites.svg#it-chevron-right\"><\/use><\/svg>\n                                    <span class=\"visually-hidden\">Pagina successiva<\/span><\/a>                    <\/div>\n                <\/nav>\n            <\/div>   <!--.col-md-12 -->\n              <\/div><!--.row -->\n              \n","protected":false},"excerpt":{"rendered":"","protected":false},"author":1,"featured_media":0,"parent":0,"menu_order":0,"comment_status":"closed","ping_status":"closed","template":"","meta":{"footnotes":""},"class_list":["post-15","page","type-page","status-publish","hentry"],"_links":{"self":[{"href":"https:\/\/consmonacodibaviera.esteri.it\/it\/wp-json\/wp\/v2\/pages\/15","targetHints":{"allow":["GET"]}}],"collection":[{"href":"https:\/\/consmonacodibaviera.esteri.it\/it\/wp-json\/wp\/v2\/pages"}],"about":[{"href":"https:\/\/consmonacodibaviera.esteri.it\/it\/wp-json\/wp\/v2\/types\/page"}],"author":[{"embeddable":true,"href":"https:\/\/consmonacodibaviera.esteri.it\/it\/wp-json\/wp\/v2\/users\/1"}],"replies":[{"embeddable":true,"href":"https:\/\/consmonacodibaviera.esteri.it\/it\/wp-json\/wp\/v2\/comments?post=15"}],"version-history":[{"count":0,"href":"https:\/\/consmonacodibaviera.esteri.it\/it\/wp-json\/wp\/v2\/pages\/15\/revisions"}],"wp:attachment":[{"href":"https:\/\/consmonacodibaviera.esteri.it\/it\/wp-json\/wp\/v2\/media?parent=15"}],"curies":[{"name":"wp","href":"https:\/\/api.w.org\/{rel}","templated":true}]}}